{"id":2678,"date":"2021-09-03T20:25:50","date_gmt":"2021-09-03T19:25:50","guid":{"rendered":"https:\/\/yogaparaelcambio.com\/?post_type=tribe_events&#038;p=2678"},"modified":"2021-09-03T20:27:45","modified_gmt":"2021-09-03T19:27:45","slug":"breathe-2","status":"publish","type":"tribe_events","link":"https:\/\/yogaparaelcambio.com\/en\/event\/breathe-2","title":{"rendered":"Breathe"},"content":{"rendered":"<div  class=\"tribe-events-schedule tribe-clearfix\" >\n\t<h2 class=\"tribe-events-schedule__datetime\">\n\t\t<span class=\"tribe-events-schedule__date tribe-events-schedule__date--start\">\n\t\t\t25 September, 2021\t\t<\/span>\n\n\t\t\t\t\t<span class=\"tribe-events-schedule__separator tribe-events-schedule__separator--date\">\n\t\t\t\t|\t\t\t<\/span>\n\t\t\t<span class=\"tribe-events-schedule__time tribe-events-schedule__time--start\">\n\t\t\t\t10:00 am\t\t\t<\/span>\n\t\t\n\t\t\t\t\t\t\t\t\t<span class=\"tribe-events-schedule__separator tribe-events-schedule__separator--time\">\n\t\t\t\t\t &#8211; \t\t\t\t<\/span>\n\t\t\t\n\t\t\t\t\t\t\t<span class=\"tribe-events-schedule__time tribe-events-schedule__time--end\">\n\t\t\t\t\t11:00 am\t\t\t\t<\/span>\n\t\t\t\n\t\t\t\t\t\t<\/h2>\n<\/div>\n\n\n<div class=\"tribe-events-event-image\"><img width=\"2560\" height=\"1440\" src=\"https:\/\/yogaparaelcambio.com\/wp-content\/uploads\/2021\/09\/PORTADAS-breathe.jpg\" class=\"attachment-full size-full wp-post-image\" alt=\"breathe pranayama\" decoding=\"async\" loading=\"lazy\" srcset=\"https:\/\/yogaparaelcambio.com\/wp-content\/uploads\/2021\/09\/PORTADAS-breathe.jpg 2560w, https:\/\/yogaparaelcambio.com\/wp-content\/uploads\/2021\/09\/PORTADAS-breathe-300x169.jpg 300w, https:\/\/yogaparaelcambio.com\/wp-content\/uploads\/2021\/09\/PORTADAS-breathe-1024x576.jpg 1024w, https:\/\/yogaparaelcambio.com\/wp-content\/uploads\/2021\/09\/PORTADAS-breathe-768x432.jpg 768w, https:\/\/yogaparaelcambio.com\/wp-content\/uploads\/2021\/09\/PORTADAS-breathe-1536x864.jpg 1536w, https:\/\/yogaparaelcambio.com\/wp-content\/uploads\/2021\/09\/PORTADAS-breathe-2048x1152.jpg 2048w, https:\/\/yogaparaelcambio.com\/wp-content\/uploads\/2021\/09\/PORTADAS-breathe-260x146.jpg 260w, https:\/\/yogaparaelcambio.com\/wp-content\/uploads\/2021\/09\/PORTADAS-breathe-50x28.jpg 50w, https:\/\/yogaparaelcambio.com\/wp-content\/uploads\/2021\/09\/PORTADAS-breathe-133x75.jpg 133w, https:\/\/yogaparaelcambio.com\/wp-content\/uploads\/2021\/09\/PORTADAS-breathe-600x338.jpg 600w\" sizes=\"(max-width: 2560px) 100vw, 2560px\" \/><\/div>\n\n\n<p>Vuelven nuestras sesiones de pranayama; sin prisas. Necesitamos m\u00e1s que nunca respirar, utilizar esta tecnolog\u00eda ancestral para calmar e higienizar nuestras mentes que est\u00e1n m\u00e1s parlantes que nunca, liberarnos por una hora del movimiento reactivo a las circunstancias de la vida y reconectar con el movimiento sutil de nuestro coraz\u00f3n, de nuestra respiraci\u00f3n. <\/p>\n\n\n\n<p>Una sesi\u00f3n de una hora en la que exploraremos diferentes t\u00e9cnicas de pranayama para acceder a un estado de relajaci\u00f3n y calma interior, de plenitud en el coraz\u00f3n y de claridad en nuestras mentes! Estoy segura que hara que tu fin de semana cambie su rumbo y que cualquier plan que tengas lo disfrutes de una forma m\u00e1s plena y consciente. <\/p>\n\n\n\n<p>Necesitamos aclarar nuestras mentes y coraz\u00f3n como lo hacemos con nuestro cuerpo de forma diaria; por ello, retomo estas sesiones que expanden nuestra respiraci\u00f3n, nuestros pulmones y nuestra sensaci\u00f3n de estar viv@s!!<\/p>\n\n\n\n<p>Esta es un evento incluido en la mensualidad de la membres\u00eda, solo tienes que reservar tu plaza en RSVP.  Y si no estas apuntad@ , no te preocupes, puedes comprar tu entrada m\u00e1s abajo! <\/p>\n\n\n<div  class=\"tribe-block tribe-block__event-price\" >\n\t\t\t<span class=\"tribe-block__event-price__cost\"> Free \u2013 &#8364;10,00 <\/span>\n\t\t<\/div>\n\n\n\n\n<div  class=\"tribe-block tribe-block__venue tribe-clearfix\" >\n\t\n\t\t\n\t<\/div>\n\n\n\n\n\t<div  class=\"tribe-block tribe-block__events-link\" >\n\t\t<div class=\"tribe-events tribe-common\">\n\t\t\t<div class=\"tribe-events-c-subscribe-dropdown__container\">\n\t\t\t\t<div class=\"tribe-events-c-subscribe-dropdown\">\n\t\t\t\t\t<div class=\"tribe-common-c-btn-border tribe-events-c-subscribe-dropdown__button\">\n\t\t\t\t\t\t<svg  class=\"tribe-common-c-svgicon tribe-common-c-svgicon--cal-export tribe-events-c-subscribe-dropdown__export-icon\"  viewBox=\"0 0 23 17\" xmlns=\"http:\/\/www.w3.org\/2000\/svg\">\n  <path fill-rule=\"evenodd\" clip-rule=\"evenodd\" d=\"M.128.896V16.13c0 .211.145.383.323.383h15.354c.179 0 .323-.172.323-.383V.896c0-.212-.144-.383-.323-.383H.451C.273.513.128.684.128.896Zm16 6.742h-.901V4.679H1.009v10.729h14.218v-3.336h.901V7.638ZM1.01 1.614h14.218v2.058H1.009V1.614Z\" \/>\n  <path d=\"M20.5 9.846H8.312M18.524 6.953l2.89 2.909-2.855 2.855\" stroke-width=\"1.2\" stroke-linecap=\"round\" stroke-linejoin=\"round\"\/>\n<\/svg>\n\t\t\t\t\t\t<button\n\t\t\t\t\t\t\tclass=\"tribe-events-c-subscribe-dropdown__button-text\"\n\t\t\t\t\t\t\taria-expanded=\"false\"\n\t\t\t\t\t\t\taria-controls=\"tribe-events-subscribe-dropdown-content\"\n\t\t\t\t\t\t\taria-label=\"\"\n\t\t\t\t\t\t>\n\t\t\t\t\t\t\tAdd to calendar\t\t\t\t\t\t<\/button>\n\t\t\t\t\t\t<svg  class=\"tribe-common-c-svgicon tribe-common-c-svgicon--caret-down tribe-events-c-subscribe-dropdown__button-icon\"  viewBox=\"0 0 10 7\" xmlns=\"http:\/\/www.w3.org\/2000\/svg\"><path fill-rule=\"evenodd\" clip-rule=\"evenodd\" d=\"M1.008.609L5 4.6 8.992.61l.958.958L5 6.517.05 1.566l.958-.958z\" class=\"tribe-common-c-svgicon__svg-fill\"\/><\/svg>\n\t\t\t\t\t<\/div>\n\t\t\t\t\t<div id=\"tribe-events-subscribe-dropdown-content\" class=\"tribe-events-c-subscribe-dropdown__content\">\n\t\t\t\t\t\t<ul class=\"tribe-events-c-subscribe-dropdown__list\">\n\t\t\t\t\t\t\t\t\t\t\t\t\t\t\t<li class=\"tribe-events-c-subscribe-dropdown__list-item\">\n\t\t\t\t\t\t\t\t\t<a\n\t\t\t\t\t\t\t\t\t\thref=\"https:\/\/www.google.com\/calendar\/event?action=TEMPLATE&#038;dates=20210925T100000\/20210925T110000&#038;text=Breathe&#038;details=%3C%21--+wp%3Atribe%2Fevent-datetime+%2F--%3E%3C%21--+wp%3Atribe%2Ffeatured-image+%2F--%3E%3C%21--+wp%3Aparagraph+%7B%22placeholder%22%3A%22A%C3%B1adir+descripci%C3%B3n%E2%80%A6%22%7D+--%3E%3Cp%3EVuelven+nuestras+sesiones+de+pranayama%3B+sin+prisas.+Necesitamos+m%C3%A1s+que+nunca+respirar%2C+utilizar+esta+tecnolog%C3%ADa+ancestral+para+calmar+e+higienizar+nuestras+mentes+que+est%C3%A1n+m%C3%A1s+parlantes+que+nunca%2C+liberarnos+por+una+hora+del+movimiento+reactivo+a+las+circunstancias+de+la+vida+y+reconectar+con+el+movimiento+sutil+de+nuestro+coraz%C3%B3n%2C+de+nuestra+respiraci%C3%B3n.+%3C%2Fp%3E%3C%21--+%2Fwp%3Aparagraph+--%3E%3C%21--+wp%3Aparagraph+--%3E%3Cp%3EUna+sesi%C3%B3n+de+una+hora+en+la+que+exploraremos+diferentes+t%C3%A9cnicas+de+pranayama+para+acceder+a+un+estado+de+relajaci%C3%B3n+y+calma+interior%2C+de+plenitud+en+el+coraz%C3%B3n+y+de+claridad+en+nuestras+mentes%21+Estoy+segura+que+hara+que+tu+fin+de+semana+cambie+su+rumbo+y+que+cualquier+pl%20(View%20Full%20event%20Description%20Here:%20https:\/\/yogaparaelcambio.com\/en\/event\/breathe-2)&#038;trp=false&#038;ctz=UTC+1&#038;sprop=website:https:\/\/yogaparaelcambio.com\/en\"\n\t\t\t\t\t\t\t\t\t\tclass=\"tribe-events-c-subscribe-dropdown__list-item-link\"\n\t\t\t\t\t\t\t\t\t\ttarget=\"_blank\"\n\t\t\t\t\t\t\t\t\t\trel=\"noopener noreferrer nofollow noindex\"\n\t\t\t\t\t\t\t\t\t>\n\t\t\t\t\t\t\t\t\t\tGoogle Calendar\t\t\t\t\t\t\t\t\t<\/a>\n\t\t\t\t\t\t\t\t<\/li>\n\t\t\t\t\t\t\t\t\t\t\t\t\t\t\t<li class=\"tribe-events-c-subscribe-dropdown__list-item\">\n\t\t\t\t\t\t\t\t\t<a\n\t\t\t\t\t\t\t\t\t\thref=\"\"\n\t\t\t\t\t\t\t\t\t\tclass=\"tribe-events-c-subscribe-dropdown__list-item-link\"\n\t\t\t\t\t\t\t\t\t\ttarget=\"_blank\"\n\t\t\t\t\t\t\t\t\t\trel=\"noopener noreferrer nofollow noindex\"\n\t\t\t\t\t\t\t\t\t>\n\t\t\t\t\t\t\t\t\t\tiCalendar\t\t\t\t\t\t\t\t\t<\/a>\n\t\t\t\t\t\t\t\t<\/li>\n\t\t\t\t\t\t\t\t\t\t\t\t\t\t\t<li class=\"tribe-events-c-subscribe-dropdown__list-item\">\n\t\t\t\t\t\t\t\t\t<a\n\t\t\t\t\t\t\t\t\t\thref=\"\"\n\t\t\t\t\t\t\t\t\t\tclass=\"tribe-events-c-subscribe-dropdown__list-item-link\"\n\t\t\t\t\t\t\t\t\t\ttarget=\"_blank\"\n\t\t\t\t\t\t\t\t\t\trel=\"noopener noreferrer nofollow noindex\"\n\t\t\t\t\t\t\t\t\t>\n\t\t\t\t\t\t\t\t\t\tOutlook 365\t\t\t\t\t\t\t\t\t<\/a>\n\t\t\t\t\t\t\t\t<\/li>\n\t\t\t\t\t\t\t\t\t\t\t\t\t\t\t<li class=\"tribe-events-c-subscribe-dropdown__list-item\">\n\t\t\t\t\t\t\t\t\t<a\n\t\t\t\t\t\t\t\t\t\thref=\"\"\n\t\t\t\t\t\t\t\t\t\tclass=\"tribe-events-c-subscribe-dropdown__list-item-link\"\n\t\t\t\t\t\t\t\t\t\ttarget=\"_blank\"\n\t\t\t\t\t\t\t\t\t\trel=\"noopener noreferrer nofollow noindex\"\n\t\t\t\t\t\t\t\t\t>\n\t\t\t\t\t\t\t\t\t\tOutlook Live\t\t\t\t\t\t\t\t\t<\/a>\n\t\t\t\t\t\t\t\t<\/li>\n\t\t\t\t\t\t\t\t\t\t\t\t\t<\/ul>\n\t\t\t\t\t<\/div>\n\t\t\t\t<\/div>\n\t\t\t<\/div>\n\t\t<\/div>\n\t<\/div>\n\n\n\n\n\n\n\n","protected":false},"excerpt":{"rendered":"<p>Vuelven nuestras sesiones de pranayama; sin prisas. Necesitamos m\u00e1s que nunca respirar, utilizar esta tecnolog\u00eda ancestral para calmar e higienizar nuestras mentes que est\u00e1n m\u00e1s parlantes<span class=\"excerpt-hellip\"> [\u2026]<\/span><\/p>\n","protected":false},"author":1,"featured_media":2679,"comment_status":"open","ping_status":"closed","template":"","meta":{"pmpro_default_level":"0","_price":"","_stock":"","_tribe_ticket_header":"","_tribe_default_ticket_provider":"Tribe__Tickets__Commerce__PayPal__Main","_tribe_ticket_capacity":"","_ticket_start_date":"","_ticket_end_date":"","_tribe_ticket_show_description":"","_tribe_ticket_show_not_going":false,"_tribe_ticket_use_global_stock":"","_tribe_ticket_global_stock_level":"","_global_stock_mode":"","_global_stock_cap":"","_tribe_rsvp_for_event":"","_tribe_ticket_going_count":"","_tribe_ticket_not_going_count":"","_tribe_tickets_list":"[]","_tribe_ticket_has_attendee_info_fields":false,"_EventAllDay":false,"_EventTimezone":"UTC+1","_EventStartDate":"2021-09-25 10:00:00","_EventEndDate":"2021-09-25 11:00:00","_EventStartDateUTC":"2021-09-25 08:00:00","_EventEndDateUTC":"2021-09-25 09:00:00","_EventShowMap":false,"_EventShowMapLink":false,"_EventURL":"","_EventCost":"Gratuito \u2013 10","_EventCostDescription":"","_EventCurrencySymbol":"\u20ac","_EventCurrencyCode":"","_EventCurrencyPosition":"suffix","_EventDateTimeSeparator":"|","_EventTimeRangeSeparator":" - ","_EventOrganizerID":[],"_EventVenueID":[0],"_OrganizerEmail":"","_OrganizerPhone":"","_OrganizerWebsite":"","_VenueAddress":"","_VenueCity":"","_VenueCountry":"","_VenueProvince":"","_VenueState":"","_VenueZip":"","_VenuePhone":"","_VenueURL":"","_VenueStateProvince":"","_VenueLat":"","_VenueLng":"","_VenueShowMap":false,"_VenueShowMapLink":false,"_tribe_events_status":"","_tribe_events_status_reason":""},"tags":[],"tribe_events_cat":[],"yoast_head":"<!-- This site is optimized with the Yoast SEO plugin v21.5 - https:\/\/yoast.com\/wordpress\/plugins\/seo\/ -->\n<title>Breathe | Pranayama Healing Meditation - Yoga para el cambio<\/title>\n<meta name=\"description\" content=\"Una sesi\u00f3n para respirar, descubrir diferentes t\u00e9cnicas para calmar nuestra mente, centrar nuestro coraz\u00f3n y expandir nuestra respiraci\u00f3n!\" \/>\n<meta name=\"robots\" content=\"index, follow, max-snippet:-1, max-image-preview:large, max-video-preview:-1\" \/>\n<link rel=\"canonical\" href=\"https:\/\/yogaparaelcambio.com\/en\/event\/breathe-2\/\" \/>\n<meta property=\"og:locale\" content=\"en_GB\" \/>\n<meta property=\"og:type\" content=\"article\" \/>\n<meta property=\"og:title\" content=\"Breathe | Pranayama Healing Meditation - Yoga para el cambio\" \/>\n<meta property=\"og:description\" content=\"Una sesi\u00f3n para respirar, descubrir diferentes t\u00e9cnicas para calmar nuestra mente, centrar nuestro coraz\u00f3n y expandir nuestra respiraci\u00f3n!\" \/>\n<meta property=\"og:url\" content=\"https:\/\/yogaparaelcambio.com\/en\/event\/breathe-2\/\" \/>\n<meta property=\"og:site_name\" content=\"Yoga para el cambio\" \/>\n<meta property=\"article:publisher\" content=\"https:\/\/www.facebook.com\/cristinamadridyoga\" \/>\n<meta property=\"article:modified_time\" content=\"2021-09-03T19:27:45+00:00\" \/>\n<meta property=\"og:image\" content=\"https:\/\/yogaparaelcambio.com\/wp-content\/uploads\/2021\/09\/PORTADAS-breathe.jpg\" \/>\n\t<meta property=\"og:image:width\" content=\"2560\" \/>\n\t<meta property=\"og:image:height\" content=\"1440\" \/>\n\t<meta property=\"og:image:type\" content=\"image\/jpeg\" \/>\n<meta name=\"twitter:card\" content=\"summary_large_image\" \/>\n<meta name=\"twitter:label1\" content=\"Estimated reading time\" \/>\n\t<meta name=\"twitter:data1\" content=\"1 minute\" \/>\n<script type=\"application\/ld+json\" class=\"yoast-schema-graph\">{\"@context\":\"https:\/\/schema.org\",\"@graph\":[{\"@type\":\"WebPage\",\"@id\":\"https:\/\/yogaparaelcambio.com\/event\/breathe-2\",\"url\":\"https:\/\/yogaparaelcambio.com\/event\/breathe-2\",\"name\":\"Breathe | Pranayama Healing Meditation - Yoga para el cambio\",\"isPartOf\":{\"@id\":\"https:\/\/yogaparaelcambio.com\/#website\"},\"datePublished\":\"2021-09-03T19:25:50+00:00\",\"dateModified\":\"2021-09-03T19:27:45+00:00\",\"description\":\"Una sesi\u00f3n para respirar, descubrir diferentes t\u00e9cnicas para calmar nuestra mente, centrar nuestro coraz\u00f3n y expandir nuestra respiraci\u00f3n!\",\"breadcrumb\":{\"@id\":\"https:\/\/yogaparaelcambio.com\/event\/breathe-2#breadcrumb\"},\"inLanguage\":\"en-GB\",\"potentialAction\":[{\"@type\":\"ReadAction\",\"target\":[\"https:\/\/yogaparaelcambio.com\/event\/breathe-2\"]}]},{\"@type\":\"BreadcrumbList\",\"@id\":\"https:\/\/yogaparaelcambio.com\/event\/breathe-2#breadcrumb\",\"itemListElement\":[{\"@type\":\"ListItem\",\"position\":1,\"name\":\"Portada\",\"item\":\"https:\/\/yogaparaelcambio.com\/\"},{\"@type\":\"ListItem\",\"position\":2,\"name\":\"Eventos\",\"item\":\"https:\/\/yogaparaelcambio.com\/events\/\"},{\"@type\":\"ListItem\",\"position\":3,\"name\":\"Breathe\"}]},{\"@type\":\"WebSite\",\"@id\":\"https:\/\/yogaparaelcambio.com\/#website\",\"url\":\"https:\/\/yogaparaelcambio.com\/\",\"name\":\"Yoga para el cambio\",\"description\":\"Yoga Flow, Breathwork, Healing\",\"publisher\":{\"@id\":\"https:\/\/yogaparaelcambio.com\/#organization\"},\"potentialAction\":[{\"@type\":\"SearchAction\",\"target\":{\"@type\":\"EntryPoint\",\"urlTemplate\":\"https:\/\/yogaparaelcambio.com\/?s={search_term_string}\"},\"query-input\":\"required name=search_term_string\"}],\"inLanguage\":\"en-GB\"},{\"@type\":\"Organization\",\"@id\":\"https:\/\/yogaparaelcambio.com\/#organization\",\"name\":\"Yoga para el cambio\",\"url\":\"https:\/\/yogaparaelcambio.com\/\",\"logo\":{\"@type\":\"ImageObject\",\"inLanguage\":\"en-GB\",\"@id\":\"https:\/\/yogaparaelcambio.com\/#\/schema\/logo\/image\/\",\"url\":\"https:\/\/yogaparaelcambio.com\/wp-content\/uploads\/2018\/01\/cropped-logo-ypc.jpg\",\"contentUrl\":\"https:\/\/yogaparaelcambio.com\/wp-content\/uploads\/2018\/01\/cropped-logo-ypc.jpg\",\"width\":512,\"height\":512,\"caption\":\"Yoga para el cambio\"},\"image\":{\"@id\":\"https:\/\/yogaparaelcambio.com\/#\/schema\/logo\/image\/\"},\"sameAs\":[\"https:\/\/www.facebook.com\/cristinamadridyoga\",\"https:\/\/www.instagram.com\/cristinamadridyoga\/\"]}]}<\/script>\n<!-- \/ Yoast SEO plugin. -->","yoast_head_json":{"title":"Breathe | Pranayama Healing Meditation - Yoga para el cambio","description":"Una sesi\u00f3n para respirar, descubrir diferentes t\u00e9cnicas para calmar nuestra mente, centrar nuestro coraz\u00f3n y expandir nuestra respiraci\u00f3n!","robots":{"index":"index","follow":"follow","max-snippet":"max-snippet:-1","max-image-preview":"max-image-preview:large","max-video-preview":"max-video-preview:-1"},"canonical":"https:\/\/yogaparaelcambio.com\/en\/event\/breathe-2\/","og_locale":"en_GB","og_type":"article","og_title":"Breathe | Pranayama Healing Meditation - Yoga para el cambio","og_description":"Una sesi\u00f3n para respirar, descubrir diferentes t\u00e9cnicas para calmar nuestra mente, centrar nuestro coraz\u00f3n y expandir nuestra respiraci\u00f3n!","og_url":"https:\/\/yogaparaelcambio.com\/en\/event\/breathe-2\/","og_site_name":"Yoga para el cambio","article_publisher":"https:\/\/www.facebook.com\/cristinamadridyoga","article_modified_time":"2021-09-03T19:27:45+00:00","og_image":[{"width":2560,"height":1440,"url":"https:\/\/yogaparaelcambio.com\/wp-content\/uploads\/2021\/09\/PORTADAS-breathe.jpg","type":"image\/jpeg"}],"twitter_card":"summary_large_image","twitter_misc":{"Estimated reading time":"1 minute"},"schema":{"@context":"https:\/\/schema.org","@graph":[{"@type":"WebPage","@id":"https:\/\/yogaparaelcambio.com\/event\/breathe-2","url":"https:\/\/yogaparaelcambio.com\/event\/breathe-2","name":"Breathe | Pranayama Healing Meditation - Yoga para el cambio","isPartOf":{"@id":"https:\/\/yogaparaelcambio.com\/#website"},"datePublished":"2021-09-03T19:25:50+00:00","dateModified":"2021-09-03T19:27:45+00:00","description":"Una sesi\u00f3n para respirar, descubrir diferentes t\u00e9cnicas para calmar nuestra mente, centrar nuestro coraz\u00f3n y expandir nuestra respiraci\u00f3n!","breadcrumb":{"@id":"https:\/\/yogaparaelcambio.com\/event\/breathe-2#breadcrumb"},"inLanguage":"en-GB","potentialAction":[{"@type":"ReadAction","target":["https:\/\/yogaparaelcambio.com\/event\/breathe-2"]}]},{"@type":"BreadcrumbList","@id":"https:\/\/yogaparaelcambio.com\/event\/breathe-2#breadcrumb","itemListElement":[{"@type":"ListItem","position":1,"name":"Portada","item":"https:\/\/yogaparaelcambio.com\/"},{"@type":"ListItem","position":2,"name":"Eventos","item":"https:\/\/yogaparaelcambio.com\/events\/"},{"@type":"ListItem","position":3,"name":"Breathe"}]},{"@type":"WebSite","@id":"https:\/\/yogaparaelcambio.com\/#website","url":"https:\/\/yogaparaelcambio.com\/","name":"Yoga para el cambio","description":"Yoga Flow, Breathwork, Healing","publisher":{"@id":"https:\/\/yogaparaelcambio.com\/#organization"},"potentialAction":[{"@type":"SearchAction","target":{"@type":"EntryPoint","urlTemplate":"https:\/\/yogaparaelcambio.com\/?s={search_term_string}"},"query-input":"required name=search_term_string"}],"inLanguage":"en-GB"},{"@type":"Organization","@id":"https:\/\/yogaparaelcambio.com\/#organization","name":"Yoga para el cambio","url":"https:\/\/yogaparaelcambio.com\/","logo":{"@type":"ImageObject","inLanguage":"en-GB","@id":"https:\/\/yogaparaelcambio.com\/#\/schema\/logo\/image\/","url":"https:\/\/yogaparaelcambio.com\/wp-content\/uploads\/2018\/01\/cropped-logo-ypc.jpg","contentUrl":"https:\/\/yogaparaelcambio.com\/wp-content\/uploads\/2018\/01\/cropped-logo-ypc.jpg","width":512,"height":512,"caption":"Yoga para el cambio"},"image":{"@id":"https:\/\/yogaparaelcambio.com\/#\/schema\/logo\/image\/"},"sameAs":["https:\/\/www.facebook.com\/cristinamadridyoga","https:\/\/www.instagram.com\/cristinamadridyoga\/"]}]}},"ticketed":["rsvp"],"_links":{"self":[{"href":"https:\/\/yogaparaelcambio.com\/en\/wp-json\/wp\/v2\/tribe_events\/2678"}],"collection":[{"href":"https:\/\/yogaparaelcambio.com\/en\/wp-json\/wp\/v2\/tribe_events"}],"about":[{"href":"https:\/\/yogaparaelcambio.com\/en\/wp-json\/wp\/v2\/types\/tribe_events"}],"author":[{"embeddable":true,"href":"https:\/\/yogaparaelcambio.com\/en\/wp-json\/wp\/v2\/users\/1"}],"replies":[{"embeddable":true,"href":"https:\/\/yogaparaelcambio.com\/en\/wp-json\/wp\/v2\/comments?post=2678"}],"version-history":[{"count":2,"href":"https:\/\/yogaparaelcambio.com\/en\/wp-json\/wp\/v2\/tribe_events\/2678\/revisions"}],"predecessor-version":[{"id":2685,"href":"https:\/\/yogaparaelcambio.com\/en\/wp-json\/wp\/v2\/tribe_events\/2678\/revisions\/2685"}],"wp:featuredmedia":[{"embeddable":true,"href":"https:\/\/yogaparaelcambio.com\/en\/wp-json\/wp\/v2\/media\/2679"}],"wp:attachment":[{"href":"https:\/\/yogaparaelcambio.com\/en\/wp-json\/wp\/v2\/media?parent=2678"}],"wp:term":[{"taxonomy":"post_tag","embeddable":true,"href":"https:\/\/yogaparaelcambio.com\/en\/wp-json\/wp\/v2\/tags?post=2678"},{"taxonomy":"tribe_events_cat","embeddable":true,"href":"https:\/\/yogaparaelcambio.com\/en\/wp-json\/wp\/v2\/tribe_events_cat?post=2678"}],"curies":[{"name":"wp","href":"https:\/\/api.w.org\/{rel}","templated":true}]}}