{"id":3191,"date":"2023-01-03T15:01:16","date_gmt":"2023-01-03T14:01:16","guid":{"rendered":"https:\/\/yogaparaelcambio.com\/?post_type=tribe_events&#038;p=3191"},"modified":"2023-02-16T09:54:48","modified_gmt":"2023-02-16T08:54:48","slug":"chakras-training-madrid","status":"publish","type":"tribe_events","link":"https:\/\/yogaparaelcambio.com\/en\/event\/chakras-training-madrid","title":{"rendered":"Chakras training"},"content":{"rendered":"<div  class=\"tribe-events-schedule tribe-clearfix\" >\n\t<h2 class=\"tribe-events-schedule__datetime\">\n\t\t<span class=\"tribe-events-schedule__date tribe-events-schedule__date--start\">\n\t\t\t25 February, 2023\t\t<\/span>\n\n\t\t\t\t\t<span class=\"tribe-events-schedule__separator tribe-events-schedule__separator--date\">\n\t\t\t\t|\t\t\t<\/span>\n\t\t\t<span class=\"tribe-events-schedule__time tribe-events-schedule__time--start\">\n\t\t\t\t10:00 am\t\t\t<\/span>\n\t\t\n\t\t\t\t\t\t\t\t\t<span class=\"tribe-events-schedule__separator tribe-events-schedule__separator--time\">\n\t\t\t\t\t &#8211; \t\t\t\t<\/span>\n\t\t\t\n\t\t\t\t\t\t\t<span class=\"tribe-events-schedule__date tribe-events-schedule__date--end\">\n\t\t\t\t\t26 February, 2023\t\t\t\t<\/span>\n\n\t\t\t\t\t\t\t\t\t<span class=\"tribe-events-schedule__separator tribe-events-schedule__separator--date\">\n\t\t\t\t\t\t|\t\t\t\t\t<\/span>\n\t\t\t\t\t<span class=\"tribe-events-schedule__time tribe-events-schedule__time--end\">\n\t\t\t\t\t\t2:00 pm\t\t\t\t\t<\/span>\n\t\t\t\t\n\t\t\t\n\t\t\t\t\t\t<\/h2>\n<\/div>\n\n\n<div class=\"tribe-events-event-image\"><img width=\"1920\" height=\"1080\" src=\"https:\/\/yogaparaelcambio.com\/wp-content\/uploads\/2023\/01\/Chakras-training-MADRID-2526-febrero.jpg\" class=\"attachment-full size-full wp-post-image\" alt=\"Chakras training Madrid. Una formaci\u00f3n para descubrir las 7 llaves de energ\u00eda vital.\" decoding=\"async\" loading=\"lazy\" srcset=\"https:\/\/yogaparaelcambio.com\/wp-content\/uploads\/2023\/01\/Chakras-training-MADRID-2526-febrero.jpg 1920w, https:\/\/yogaparaelcambio.com\/wp-content\/uploads\/2023\/01\/Chakras-training-MADRID-2526-febrero-300x169.jpg 300w, https:\/\/yogaparaelcambio.com\/wp-content\/uploads\/2023\/01\/Chakras-training-MADRID-2526-febrero-1024x576.jpg 1024w, https:\/\/yogaparaelcambio.com\/wp-content\/uploads\/2023\/01\/Chakras-training-MADRID-2526-febrero-768x432.jpg 768w, https:\/\/yogaparaelcambio.com\/wp-content\/uploads\/2023\/01\/Chakras-training-MADRID-2526-febrero-1536x864.jpg 1536w, https:\/\/yogaparaelcambio.com\/wp-content\/uploads\/2023\/01\/Chakras-training-MADRID-2526-febrero-18x10.jpg 18w, https:\/\/yogaparaelcambio.com\/wp-content\/uploads\/2023\/01\/Chakras-training-MADRID-2526-febrero-260x146.jpg 260w, https:\/\/yogaparaelcambio.com\/wp-content\/uploads\/2023\/01\/Chakras-training-MADRID-2526-febrero-50x28.jpg 50w, https:\/\/yogaparaelcambio.com\/wp-content\/uploads\/2023\/01\/Chakras-training-MADRID-2526-febrero-133x75.jpg 133w, https:\/\/yogaparaelcambio.com\/wp-content\/uploads\/2023\/01\/Chakras-training-MADRID-2526-febrero-800x450.jpg 800w\" sizes=\"(max-width: 1920px) 100vw, 1920px\" \/><\/div>\n\n\n<h2 class=\"wp-block-heading\">Chakras training | Anatom\u00eda, psicolog\u00eda y Energ\u00eda<\/h2>\n\n\n\n<p>Chakras training es una formaci\u00f3n de 15 horas para descubrir la anatom\u00eda f\u00edsica y sutil de tus centros energ\u00e9ticos, su psicolog\u00eda y c\u00f3mo equilibrarlos a trav\u00e9s de sencillas t\u00e9cnicas de movimiento , respiraci\u00f3n y meditaci\u00f3n.&nbsp;<\/p>\n\n\n\n<p>Este es el resultado de m\u00e1s de 10 a\u00f1os de investigaci\u00f3n alrededor de los chakras en sus diferentes axis: f\u00edsico, energ\u00e9tico y espiritual. Estos 7 centros son la clave para comprender nuestro ser desde una perspectiva que integra aquello que sentimos, pensamos y hacemos.<\/p>\n\n\n\n<p>Una exploraci\u00f3n pr\u00e1ctica de los 7 centros energ\u00e9ticos principales y el impacto de su equilibrio o desequilibrio en nuestro d\u00eda a d\u00eda.&nbsp;<\/p>\n\n\n\n<p>A trav\u00e9s de las 3 sesiones que forman el fin de semana recibir\u00e1s<\/p>\n\n\n\n<ul>\n<li>Informaci\u00f3n pr\u00e1ctica no s\u00f3lo de su localizaci\u00f3n f\u00edsica sino de la relaci\u00f3n de cada uno de estos centros con diferentes dificultades de salud que puedes estar experimentando.&nbsp;<\/li>\n\n\n\n<li>Un mapa psico-f\u00edsico de tu energ\u00eda vital ( prana) , tus creencias, equilibrios y desequilibrios.&nbsp;<\/li>\n\n\n\n<li>Ejercicios pr\u00e1cticos para equilibrar cada uno de estos centros a trav\u00e9s de la pr\u00e1ctica f\u00edsica de yoga, meditaci\u00f3n din\u00e1mica y pranayama.<\/li>\n<\/ul>\n\n\n\n<p>Descripci\u00f3n&nbsp;<\/p>\n\n\n\n<p>3 paradas<\/p>\n\n\n\n<ul>\n<li>IN-BODY- Los tres primeros centros, los m\u00e1s \u201canimales\u201d que nos conectan con los tres grandes atascos humanos: El dinero, el sexo y el poder.&nbsp; El primer centro asegura nuestra supervivencia, el segundo , nuestras relaciones; el tercero nuestro ser. Cuando estos centros estan desequilibrados puede que experimentes una sensaci\u00f3n de miedo constante y ansiedad; puede que busques satisfacer tus necesidades a trav\u00e9s de dinero, sexo o poder en vez de atender aquello que realmente necesites. Puede que elijas vivir m\u00e1s en tu cabeza que en tu cuerpo, puede que descuides tu ser f\u00edsico o que le rindas devoci\u00f3n desmedida.&nbsp;  Experimentar nuestra forma de estar, movernos y ser en el mundo.&nbsp;<\/li>\n<\/ul>\n\n\n\n<ul>\n<li>IN-LOVE- La segunda parada est\u00e1 destinada exclusivamente a nuestro cuarto centro; el del coraz\u00f3n y el amor incondicional. Si tenemos la experiencia de este amor, las puertas a la vida se abren y la recibimos. Si por el contrario carecemos de esta experiencia de amor incondicional; nos movemos sirviendo a los centros anteriores poniendo condiciones a nuestro amor ( para dar y recibir), nos quedamos aferrados a la forma f\u00edsica y a los dioses del dinero, sexo y poder en vez de poner \u00e9stos al servicio de una inspiraci\u00f3n superior.&nbsp;<\/li>\n<\/ul>\n\n\n\n<ul>\n<li>IN-SPIRIT- Los tres \u00faltimos centros&nbsp;son una especie de reflejo de los tres primeros; un espejo de nuestro ser encarnado con nuestro \u00abhigher self\u00bb; aqu\u00ed la expresi\u00f3n, la visi\u00f3n y la conexi\u00f3n est\u00e1n al servicio de lo divino, la pureza, el crecimiento, la claridad, el equilibrio y la realizaci\u00f3n \u00faltima. <\/li>\n<\/ul>\n\n\n\n<p>Descubre las siete llaves para llevar tu pr\u00e1ctica de yoga y tu vida al siguiente nivel.&nbsp;<\/p>\n\n\n\n<p><\/p>\n\n\n\n<p>Esta formaci\u00f3n es para ti si: <\/p>\n\n\n\n<ul>\n<li>Practicas yoga y quieres comprender mejor el mundo de los chakras y su energ\u00eda. Tras esta formaci\u00f3n tu pr\u00e1ctica tomar\u00e1 un nuevo sentido y conectar\u00e1s con nuevas sensaciones. <\/li>\n\n\n\n<li>Estas en un momento de renacimiento y transformaci\u00f3n, este recorrido te ayudar\u00e1 a recolocar ideas, creencias  e identidades. <\/li>\n\n\n\n<li>Te han recomendado hacer yoga por problemas de estress o ansiedad. Este acercamiento al cuerpo desde sus centros energ\u00e9ticos te ayudar\u00e1 a comprender mejor tus dolencias, reacciones y sobre todo a regularlas a trav\u00e9s del movimiento y la respiraci\u00f3n. <\/li>\n<\/ul>\n\n\n\n<p><\/p>\n\n\n<div  class=\"tribe-block tribe-block__event-price\" >\n\t\t\t<span class=\"tribe-block__event-price__cost\"> &#8364;120,00 \u2013 &#8364;150,00 <\/span>\n\t\t<\/div>\n\n\n\n\n<div  class=\"tribe-block tribe-block__venue tribe-clearfix\" >\n\t\n\t\t\n\t<\/div>\n\n\n\n\n\t<div  class=\"tribe-block tribe-block__events-link\" >\n\t\t<div class=\"tribe-events tribe-common\">\n\t\t\t<div class=\"tribe-events-c-subscribe-dropdown__container\">\n\t\t\t\t<div class=\"tribe-events-c-subscribe-dropdown\">\n\t\t\t\t\t<div class=\"tribe-common-c-btn-border tribe-events-c-subscribe-dropdown__button\">\n\t\t\t\t\t\t<svg  class=\"tribe-common-c-svgicon tribe-common-c-svgicon--cal-export tribe-events-c-subscribe-dropdown__export-icon\"  viewBox=\"0 0 23 17\" xmlns=\"http:\/\/www.w3.org\/2000\/svg\">\n  <path fill-rule=\"evenodd\" clip-rule=\"evenodd\" d=\"M.128.896V16.13c0 .211.145.383.323.383h15.354c.179 0 .323-.172.323-.383V.896c0-.212-.144-.383-.323-.383H.451C.273.513.128.684.128.896Zm16 6.742h-.901V4.679H1.009v10.729h14.218v-3.336h.901V7.638ZM1.01 1.614h14.218v2.058H1.009V1.614Z\" \/>\n  <path d=\"M20.5 9.846H8.312M18.524 6.953l2.89 2.909-2.855 2.855\" stroke-width=\"1.2\" stroke-linecap=\"round\" stroke-linejoin=\"round\"\/>\n<\/svg>\n\t\t\t\t\t\t<button\n\t\t\t\t\t\t\tclass=\"tribe-events-c-subscribe-dropdown__button-text\"\n\t\t\t\t\t\t\taria-expanded=\"false\"\n\t\t\t\t\t\t\taria-controls=\"tribe-events-subscribe-dropdown-content\"\n\t\t\t\t\t\t\taria-label=\"\"\n\t\t\t\t\t\t>\n\t\t\t\t\t\t\tAdd to calendar\t\t\t\t\t\t<\/button>\n\t\t\t\t\t\t<svg  class=\"tribe-common-c-svgicon tribe-common-c-svgicon--caret-down tribe-events-c-subscribe-dropdown__button-icon\"  viewBox=\"0 0 10 7\" xmlns=\"http:\/\/www.w3.org\/2000\/svg\"><path fill-rule=\"evenodd\" clip-rule=\"evenodd\" d=\"M1.008.609L5 4.6 8.992.61l.958.958L5 6.517.05 1.566l.958-.958z\" class=\"tribe-common-c-svgicon__svg-fill\"\/><\/svg>\n\t\t\t\t\t<\/div>\n\t\t\t\t\t<div id=\"tribe-events-subscribe-dropdown-content\" class=\"tribe-events-c-subscribe-dropdown__content\">\n\t\t\t\t\t\t<ul class=\"tribe-events-c-subscribe-dropdown__list\">\n\t\t\t\t\t\t\t\t\t\t\t\t\t\t\t<li class=\"tribe-events-c-subscribe-dropdown__list-item\">\n\t\t\t\t\t\t\t\t\t<a\n\t\t\t\t\t\t\t\t\t\thref=\"https:\/\/www.google.com\/calendar\/event?action=TEMPLATE&#038;dates=20230225T100000\/20230226T140000&#038;text=Chakras%20training&#038;details=%3C%21--+wp%3Atribe%2Fevent-datetime+%2F--%3E%3C%21--+wp%3Atribe%2Ffeatured-image+%2F--%3E%3C%21--+wp%3Aheading+--%3E%3Ch2%3EChakras+training+%7C+Anatom%C3%ADa%2C+psicolog%C3%ADa+y+Energ%C3%ADa%3C%2Fh2%3E%3C%21--+%2Fwp%3Aheading+--%3E%3C%21--+wp%3Aparagraph+--%3E%3Cp%3EChakras+training+es+una+formaci%C3%B3n+de+15+horas+para+descubrir+la+anatom%C3%ADa+f%C3%ADsica+y+sutil+de+tus+centros+energ%C3%A9ticos%2C+su+psicolog%C3%ADa+y+c%C3%B3mo+equilibrarlos+a+trav%C3%A9s+de+sencillas+t%C3%A9cnicas+de+movimiento+%2C+respiraci%C3%B3n+y+meditaci%C3%B3n.%26nbsp%3B%3C%2Fp%3E%3C%21--+%2Fwp%3Aparagraph+--%3E%3C%21--+wp%3Aparagraph+--%3E%3Cp%3EEste+es+el+resultado+de+m%C3%A1s+de+10+a%C3%B1os+de+investigaci%C3%B3n+alrededor+de+los+chakras+en+sus+diferentes+axis%3A+f%C3%ADsico%2C+energ%C3%A9tico+y+espiritual.+Estos+7+centros+son+la+clave+para+comprender+nuestro+ser+desde+una+perspectiva+que+integra+aquello+que+sentimos%2C+pensamos+y+hacemos.%3C%2Fp%3E%3C%21--%20(View%20Full%20event%20Description%20Here:%20https:\/\/yogaparaelcambio.com\/en\/event\/chakras-training-madrid)&#038;trp=false&#038;ctz=UTC+1&#038;sprop=website:https:\/\/yogaparaelcambio.com\/en\"\n\t\t\t\t\t\t\t\t\t\tclass=\"tribe-events-c-subscribe-dropdown__list-item-link\"\n\t\t\t\t\t\t\t\t\t\ttarget=\"_blank\"\n\t\t\t\t\t\t\t\t\t\trel=\"noopener noreferrer nofollow noindex\"\n\t\t\t\t\t\t\t\t\t>\n\t\t\t\t\t\t\t\t\t\tGoogle Calendar\t\t\t\t\t\t\t\t\t<\/a>\n\t\t\t\t\t\t\t\t<\/li>\n\t\t\t\t\t\t\t\t\t\t\t\t\t\t\t<li class=\"tribe-events-c-subscribe-dropdown__list-item\">\n\t\t\t\t\t\t\t\t\t<a\n\t\t\t\t\t\t\t\t\t\thref=\"\"\n\t\t\t\t\t\t\t\t\t\tclass=\"tribe-events-c-subscribe-dropdown__list-item-link\"\n\t\t\t\t\t\t\t\t\t\ttarget=\"_blank\"\n\t\t\t\t\t\t\t\t\t\trel=\"noopener noreferrer nofollow noindex\"\n\t\t\t\t\t\t\t\t\t>\n\t\t\t\t\t\t\t\t\t\tiCalendar\t\t\t\t\t\t\t\t\t<\/a>\n\t\t\t\t\t\t\t\t<\/li>\n\t\t\t\t\t\t\t\t\t\t\t\t\t\t\t<li class=\"tribe-events-c-subscribe-dropdown__list-item\">\n\t\t\t\t\t\t\t\t\t<a\n\t\t\t\t\t\t\t\t\t\thref=\"\"\n\t\t\t\t\t\t\t\t\t\tclass=\"tribe-events-c-subscribe-dropdown__list-item-link\"\n\t\t\t\t\t\t\t\t\t\ttarget=\"_blank\"\n\t\t\t\t\t\t\t\t\t\trel=\"noopener noreferrer nofollow noindex\"\n\t\t\t\t\t\t\t\t\t>\n\t\t\t\t\t\t\t\t\t\tOutlook 365\t\t\t\t\t\t\t\t\t<\/a>\n\t\t\t\t\t\t\t\t<\/li>\n\t\t\t\t\t\t\t\t\t\t\t\t\t\t\t<li class=\"tribe-events-c-subscribe-dropdown__list-item\">\n\t\t\t\t\t\t\t\t\t<a\n\t\t\t\t\t\t\t\t\t\thref=\"\"\n\t\t\t\t\t\t\t\t\t\tclass=\"tribe-events-c-subscribe-dropdown__list-item-link\"\n\t\t\t\t\t\t\t\t\t\ttarget=\"_blank\"\n\t\t\t\t\t\t\t\t\t\trel=\"noopener noreferrer nofollow noindex\"\n\t\t\t\t\t\t\t\t\t>\n\t\t\t\t\t\t\t\t\t\tOutlook Live\t\t\t\t\t\t\t\t\t<\/a>\n\t\t\t\t\t\t\t\t<\/li>\n\t\t\t\t\t\t\t\t\t\t\t\t\t<\/ul>\n\t\t\t\t\t<\/div>\n\t\t\t\t<\/div>\n\t\t\t<\/div>\n\t\t<\/div>\n\t<\/div>\n\n\n\n\n\n","protected":false},"excerpt":{"rendered":"<p>Chakras training | Anatom\u00eda, psicolog\u00eda y Energ\u00eda Chakras training es una formaci\u00f3n de 15 horas para descubrir la anatom\u00eda f\u00edsica y sutil de tus centros energ\u00e9ticos,<span class=\"excerpt-hellip\"> [\u2026]<\/span><\/p>\n","protected":false},"author":1,"featured_media":3192,"comment_status":"open","ping_status":"closed","template":"","meta":{"pmpro_default_level":"0","_price":"","_stock":"","_tribe_ticket_header":"","_tribe_default_ticket_provider":"Tribe__Tickets__Commerce__PayPal__Main","_tribe_ticket_capacity":"","_ticket_start_date":"","_ticket_end_date":"","_tribe_ticket_show_description":"","_tribe_ticket_show_not_going":false,"_tribe_ticket_use_global_stock":"","_tribe_ticket_global_stock_level":"","_global_stock_mode":"","_global_stock_cap":"","_tribe_rsvp_for_event":"","_tribe_ticket_going_count":"","_tribe_ticket_not_going_count":"","_tribe_tickets_list":"[{\"id\":3193,\"type\":\"default\",\"title\":\"Early bird ( hasta el 11 feb)\",\"description\":\"\",\"capacityType\":\"unlimited\",\"price\":\"120\",\"capacity\":\"\",\"available\":-1,\"sharedCapacity\":\"\",\"sold\":0,\"shareSold\":0,\"isShared\":true,\"currencyDecimalPoint\":\",\",\"currencyNumberOfDecimals\":2,\"currencyPosition\":\"prefix\",\"currencySymbol\":\"\\u20ac\",\"currencyThousandsSep\":\".\"},{\"id\":3196,\"type\":\"default\",\"title\":\"Formaci\\u00f3n chakras\",\"description\":\"\",\"capacityType\":\"unlimited\",\"price\":\"150\",\"capacity\":\"\",\"available\":-1,\"sharedCapacity\":\"\",\"sold\":0,\"shareSold\":0,\"isShared\":true,\"currencyDecimalPoint\":\",\",\"currencyNumberOfDecimals\":2,\"currencyPosition\":\"prefix\",\"currencySymbol\":\"\\u20ac\",\"currencyThousandsSep\":\".\"}]","_tribe_ticket_has_attendee_info_fields":false,"_EventAllDay":false,"_EventTimezone":"UTC+1","_EventStartDate":"2023-02-25 10:00:00","_EventEndDate":"2023-02-26 14:00:00","_EventStartDateUTC":"2023-02-25 09:00:00","_EventEndDateUTC":"2023-02-26 13:00:00","_EventShowMap":false,"_EventShowMapLink":false,"_EventURL":"","_EventCost":"120 \u2013 150","_EventCostDescription":"","_EventCurrencySymbol":"\u20ac","_EventCurrencyCode":"USD","_EventCurrencyPosition":"suffix","_EventDateTimeSeparator":"|","_EventTimeRangeSeparator":" - ","_EventOrganizerID":[],"_EventVenueID":[0],"_OrganizerEmail":"","_OrganizerPhone":"","_OrganizerWebsite":"","_VenueAddress":"","_VenueCity":"","_VenueCountry":"","_VenueProvince":"","_VenueState":"","_VenueZip":"","_VenuePhone":"","_VenueURL":"","_VenueStateProvince":"","_VenueLat":"","_VenueLng":"","_VenueShowMap":false,"_VenueShowMapLink":false,"_tribe_events_status":"","_tribe_events_status_reason":""},"tags":[217,150,26],"tribe_events_cat":[78],"yoast_head":"<!-- This site is optimized with the Yoast SEO plugin v21.5 - https:\/\/yoast.com\/wordpress\/plugins\/seo\/ -->\n<title>Chakras training | Anatom\u00eda, psicolog\u00eda y energ\u00eda de tus centros<\/title>\n<meta name=\"description\" content=\"Chakras training es una formaci\u00f3n de 15 horas para la comprensi\u00f3n y pr\u00e1ctica de tus 7 centros principales de energ\u00eda.\" \/>\n<meta name=\"robots\" content=\"index, follow, max-snippet:-1, max-image-preview:large, max-video-preview:-1\" \/>\n<link rel=\"canonical\" href=\"https:\/\/yogaparaelcambio.com\/en\/event\/chakras-training-madrid\/\" \/>\n<meta property=\"og:locale\" content=\"en_GB\" \/>\n<meta property=\"og:type\" content=\"article\" \/>\n<meta property=\"og:title\" content=\"Chakras training | Anatom\u00eda, psicolog\u00eda y energ\u00eda de tus centros\" \/>\n<meta property=\"og:description\" content=\"Chakras training es una formaci\u00f3n de 15 horas para la comprensi\u00f3n y pr\u00e1ctica de tus 7 centros principales de energ\u00eda.\" \/>\n<meta property=\"og:url\" content=\"https:\/\/yogaparaelcambio.com\/en\/event\/chakras-training-madrid\/\" \/>\n<meta property=\"og:site_name\" content=\"Yoga para el cambio\" \/>\n<meta property=\"article:publisher\" content=\"https:\/\/www.facebook.com\/cristinamadridyoga\" \/>\n<meta property=\"article:modified_time\" content=\"2023-02-16T08:54:48+00:00\" \/>\n<meta property=\"og:image\" content=\"https:\/\/yogaparaelcambio.com\/wp-content\/uploads\/2023\/01\/Chakras-training-MADRID-2526-febrero.jpg\" \/>\n\t<meta property=\"og:image:width\" content=\"1920\" \/>\n\t<meta property=\"og:image:height\" content=\"1080\" \/>\n\t<meta property=\"og:image:type\" content=\"image\/jpeg\" \/>\n<meta name=\"twitter:card\" content=\"summary_large_image\" \/>\n<meta name=\"twitter:label1\" content=\"Estimated reading time\" \/>\n\t<meta name=\"twitter:data1\" content=\"3 minutes\" \/>\n<script type=\"application\/ld+json\" class=\"yoast-schema-graph\">{\"@context\":\"https:\/\/schema.org\",\"@graph\":[{\"@type\":\"WebPage\",\"@id\":\"https:\/\/yogaparaelcambio.com\/event\/chakras-training-madrid\",\"url\":\"https:\/\/yogaparaelcambio.com\/event\/chakras-training-madrid\",\"name\":\"Chakras training | Anatom\u00eda, psicolog\u00eda y energ\u00eda de tus centros\",\"isPartOf\":{\"@id\":\"https:\/\/yogaparaelcambio.com\/#website\"},\"datePublished\":\"2023-01-03T14:01:16+00:00\",\"dateModified\":\"2023-02-16T08:54:48+00:00\",\"description\":\"Chakras training es una formaci\u00f3n de 15 horas para la comprensi\u00f3n y pr\u00e1ctica de tus 7 centros principales de energ\u00eda.\",\"breadcrumb\":{\"@id\":\"https:\/\/yogaparaelcambio.com\/event\/chakras-training-madrid#breadcrumb\"},\"inLanguage\":\"en-GB\",\"potentialAction\":[{\"@type\":\"ReadAction\",\"target\":[\"https:\/\/yogaparaelcambio.com\/event\/chakras-training-madrid\"]}]},{\"@type\":\"BreadcrumbList\",\"@id\":\"https:\/\/yogaparaelcambio.com\/event\/chakras-training-madrid#breadcrumb\",\"itemListElement\":[{\"@type\":\"ListItem\",\"position\":1,\"name\":\"Portada\",\"item\":\"https:\/\/yogaparaelcambio.com\/\"},{\"@type\":\"ListItem\",\"position\":2,\"name\":\"Eventos\",\"item\":\"https:\/\/yogaparaelcambio.com\/events\/\"},{\"@type\":\"ListItem\",\"position\":3,\"name\":\"Chakras training\"}]},{\"@type\":\"WebSite\",\"@id\":\"https:\/\/yogaparaelcambio.com\/#website\",\"url\":\"https:\/\/yogaparaelcambio.com\/\",\"name\":\"Yoga para el cambio\",\"description\":\"Yoga Flow, Breathwork, Healing\",\"publisher\":{\"@id\":\"https:\/\/yogaparaelcambio.com\/#organization\"},\"potentialAction\":[{\"@type\":\"SearchAction\",\"target\":{\"@type\":\"EntryPoint\",\"urlTemplate\":\"https:\/\/yogaparaelcambio.com\/?s={search_term_string}\"},\"query-input\":\"required name=search_term_string\"}],\"inLanguage\":\"en-GB\"},{\"@type\":\"Organization\",\"@id\":\"https:\/\/yogaparaelcambio.com\/#organization\",\"name\":\"Yoga para el cambio\",\"url\":\"https:\/\/yogaparaelcambio.com\/\",\"logo\":{\"@type\":\"ImageObject\",\"inLanguage\":\"en-GB\",\"@id\":\"https:\/\/yogaparaelcambio.com\/#\/schema\/logo\/image\/\",\"url\":\"https:\/\/yogaparaelcambio.com\/wp-content\/uploads\/2018\/01\/cropped-logo-ypc.jpg\",\"contentUrl\":\"https:\/\/yogaparaelcambio.com\/wp-content\/uploads\/2018\/01\/cropped-logo-ypc.jpg\",\"width\":512,\"height\":512,\"caption\":\"Yoga para el cambio\"},\"image\":{\"@id\":\"https:\/\/yogaparaelcambio.com\/#\/schema\/logo\/image\/\"},\"sameAs\":[\"https:\/\/www.facebook.com\/cristinamadridyoga\",\"https:\/\/www.instagram.com\/cristinamadridyoga\/\"]}]}<\/script>\n<!-- \/ Yoast SEO plugin. -->","yoast_head_json":{"title":"Chakras training | Anatom\u00eda, psicolog\u00eda y energ\u00eda de tus centros","description":"Chakras training es una formaci\u00f3n de 15 horas para la comprensi\u00f3n y pr\u00e1ctica de tus 7 centros principales de energ\u00eda.","robots":{"index":"index","follow":"follow","max-snippet":"max-snippet:-1","max-image-preview":"max-image-preview:large","max-video-preview":"max-video-preview:-1"},"canonical":"https:\/\/yogaparaelcambio.com\/en\/event\/chakras-training-madrid\/","og_locale":"en_GB","og_type":"article","og_title":"Chakras training | Anatom\u00eda, psicolog\u00eda y energ\u00eda de tus centros","og_description":"Chakras training es una formaci\u00f3n de 15 horas para la comprensi\u00f3n y pr\u00e1ctica de tus 7 centros principales de energ\u00eda.","og_url":"https:\/\/yogaparaelcambio.com\/en\/event\/chakras-training-madrid\/","og_site_name":"Yoga para el cambio","article_publisher":"https:\/\/www.facebook.com\/cristinamadridyoga","article_modified_time":"2023-02-16T08:54:48+00:00","og_image":[{"width":1920,"height":1080,"url":"https:\/\/yogaparaelcambio.com\/wp-content\/uploads\/2023\/01\/Chakras-training-MADRID-2526-febrero.jpg","type":"image\/jpeg"}],"twitter_card":"summary_large_image","twitter_misc":{"Estimated reading time":"3 minutes"},"schema":{"@context":"https:\/\/schema.org","@graph":[{"@type":"WebPage","@id":"https:\/\/yogaparaelcambio.com\/event\/chakras-training-madrid","url":"https:\/\/yogaparaelcambio.com\/event\/chakras-training-madrid","name":"Chakras training | Anatom\u00eda, psicolog\u00eda y energ\u00eda de tus centros","isPartOf":{"@id":"https:\/\/yogaparaelcambio.com\/#website"},"datePublished":"2023-01-03T14:01:16+00:00","dateModified":"2023-02-16T08:54:48+00:00","description":"Chakras training es una formaci\u00f3n de 15 horas para la comprensi\u00f3n y pr\u00e1ctica de tus 7 centros principales de energ\u00eda.","breadcrumb":{"@id":"https:\/\/yogaparaelcambio.com\/event\/chakras-training-madrid#breadcrumb"},"inLanguage":"en-GB","potentialAction":[{"@type":"ReadAction","target":["https:\/\/yogaparaelcambio.com\/event\/chakras-training-madrid"]}]},{"@type":"BreadcrumbList","@id":"https:\/\/yogaparaelcambio.com\/event\/chakras-training-madrid#breadcrumb","itemListElement":[{"@type":"ListItem","position":1,"name":"Portada","item":"https:\/\/yogaparaelcambio.com\/"},{"@type":"ListItem","position":2,"name":"Eventos","item":"https:\/\/yogaparaelcambio.com\/events\/"},{"@type":"ListItem","position":3,"name":"Chakras training"}]},{"@type":"WebSite","@id":"https:\/\/yogaparaelcambio.com\/#website","url":"https:\/\/yogaparaelcambio.com\/","name":"Yoga para el cambio","description":"Yoga Flow, Breathwork, Healing","publisher":{"@id":"https:\/\/yogaparaelcambio.com\/#organization"},"potentialAction":[{"@type":"SearchAction","target":{"@type":"EntryPoint","urlTemplate":"https:\/\/yogaparaelcambio.com\/?s={search_term_string}"},"query-input":"required name=search_term_string"}],"inLanguage":"en-GB"},{"@type":"Organization","@id":"https:\/\/yogaparaelcambio.com\/#organization","name":"Yoga para el cambio","url":"https:\/\/yogaparaelcambio.com\/","logo":{"@type":"ImageObject","inLanguage":"en-GB","@id":"https:\/\/yogaparaelcambio.com\/#\/schema\/logo\/image\/","url":"https:\/\/yogaparaelcambio.com\/wp-content\/uploads\/2018\/01\/cropped-logo-ypc.jpg","contentUrl":"https:\/\/yogaparaelcambio.com\/wp-content\/uploads\/2018\/01\/cropped-logo-ypc.jpg","width":512,"height":512,"caption":"Yoga para el cambio"},"image":{"@id":"https:\/\/yogaparaelcambio.com\/#\/schema\/logo\/image\/"},"sameAs":["https:\/\/www.facebook.com\/cristinamadridyoga","https:\/\/www.instagram.com\/cristinamadridyoga\/"]}]}},"ticketed":["tribe-commerce"],"_links":{"self":[{"href":"https:\/\/yogaparaelcambio.com\/en\/wp-json\/wp\/v2\/tribe_events\/3191"}],"collection":[{"href":"https:\/\/yogaparaelcambio.com\/en\/wp-json\/wp\/v2\/tribe_events"}],"about":[{"href":"https:\/\/yogaparaelcambio.com\/en\/wp-json\/wp\/v2\/types\/tribe_events"}],"author":[{"embeddable":true,"href":"https:\/\/yogaparaelcambio.com\/en\/wp-json\/wp\/v2\/users\/1"}],"replies":[{"embeddable":true,"href":"https:\/\/yogaparaelcambio.com\/en\/wp-json\/wp\/v2\/comments?post=3191"}],"version-history":[{"count":3,"href":"https:\/\/yogaparaelcambio.com\/en\/wp-json\/wp\/v2\/tribe_events\/3191\/revisions"}],"predecessor-version":[{"id":3229,"href":"https:\/\/yogaparaelcambio.com\/en\/wp-json\/wp\/v2\/tribe_events\/3191\/revisions\/3229"}],"wp:featuredmedia":[{"embeddable":true,"href":"https:\/\/yogaparaelcambio.com\/en\/wp-json\/wp\/v2\/media\/3192"}],"wp:attachment":[{"href":"https:\/\/yogaparaelcambio.com\/en\/wp-json\/wp\/v2\/media?parent=3191"}],"wp:term":[{"taxonomy":"post_tag","embeddable":true,"href":"https:\/\/yogaparaelcambio.com\/en\/wp-json\/wp\/v2\/tags?post=3191"},{"taxonomy":"tribe_events_cat","embeddable":true,"href":"https:\/\/yogaparaelcambio.com\/en\/wp-json\/wp\/v2\/tribe_events_cat?post=3191"}],"curies":[{"name":"wp","href":"https:\/\/api.w.org\/{rel}","templated":true}]}}